{"id":10,"date":"2016-06-16T00:55:43","date_gmt":"2016-06-15T22:55:43","guid":{"rendered":"http:\/\/www.marandoparrucchieri.it\/dev\/?page_id=10"},"modified":"2021-03-24T19:47:31","modified_gmt":"2021-03-24T18:47:31","slug":"centro-degrade-joelle-marando-parrucchieri","status":"publish","type":"page","link":"https:\/\/www.marandoparrucchieri.it\/dev\/","title":{"rendered":""},"content":{"rendered":"\t\t<div data-elementor-type=\"wp-page\" data-elementor-id=\"10\" class=\"elementor elementor-10\">\n\t\t\t\t\t\t<section class=\"elementor-section elementor-top-section elementor-element elementor-element-17c3 elementor-section-boxed elementor-section-height-default elementor-section-height-default\" data-id=\"17c3\" data-element_type=\"section\">\n\t\t\t\t\t\t<div class=\"elementor-container elementor-column-gap-default\">\n\t\t\t\t\t<div class=\"elementor-column elementor-col-100 elementor-top-column elementor-element elementor-element-6c58\" data-id=\"6c58\" data-element_type=\"column\">\n\t\t\t<div class=\"elementor-widget-wrap elementor-element-populated\">\n\t\t\t\t\t\t<section class=\"elementor-section elementor-inner-section elementor-element elementor-element-f30a019 elementor-section-boxed elementor-section-height-default elementor-section-height-default\" data-id=\"f30a019\" data-element_type=\"section\">\n\t\t\t\t\t\t<div class=\"elementor-container elementor-column-gap-default\">\n\t\t\t\t\t<div class=\"elementor-column elementor-col-50 elementor-inner-column elementor-element elementor-element-47fabdb\" data-id=\"47fabdb\" data-element_type=\"column\">\n\t\t\t<div class=\"elementor-widget-wrap elementor-element-populated\">\n\t\t\t\t\t\t<div class=\"elementor-element elementor-element-6e536eb elementor-widget__width-inherit elementor-widget elementor-widget-video\" data-id=\"6e536eb\" data-element_type=\"widget\" data-settings=\"{&quot;video_type&quot;:&quot;hosted&quot;,&quot;autoplay&quot;:&quot;yes&quot;,&quot;loop&quot;:&quot;yes&quot;,&quot;play_on_mobile&quot;:&quot;yes&quot;,&quot;controls&quot;:&quot;yes&quot;}\" data-widget_type=\"video.default\">\n\t\t\t\t<div class=\"elementor-widget-container\">\n\t\t\t\t\t\t\t<div class=\"e-hosted-video elementor-wrapper elementor-open-inline\">\n\t\t\t\t\t<video class=\"elementor-video\" src=\"https:\/\/www.marandoparrucchieri.it\/dev\/wp-content\/uploads\/2018\/06\/post-video-royal.mp4\" autoplay=\"\" loop=\"\" controls=\"\" playsinline=\"\" controlsList=\"nodownload\"><\/video>\n\t\t\t\t<\/div>\n\t\t\t\t\t\t<\/div>\n\t\t\t\t<\/div>\n\t\t\t\t\t<\/div>\n\t\t<\/div>\n\t\t\t\t<div class=\"elementor-column elementor-col-50 elementor-inner-column elementor-element elementor-element-782ccf9\" data-id=\"782ccf9\" data-element_type=\"column\">\n\t\t\t<div class=\"elementor-widget-wrap elementor-element-populated\">\n\t\t\t\t\t\t<div class=\"elementor-element elementor-element-a9d53f9 elementor-widget elementor-widget-text-editor\" data-id=\"a9d53f9\" data-element_type=\"widget\" data-widget_type=\"text-editor.default\">\n\t\t\t\t<div class=\"elementor-widget-container\">\n\t\t\t\t\t\t\t\t\t<p style=\"text-align: center;\"><span style=\"font-family: georgia, palatino, serif;\"><strong><span style=\"color: #000000;\"><em>Non sei soddisfatta del colore dei tuoi capelli?\u00a0<\/em><\/span><\/strong><\/span><\/p><div id=\"edi-zh0ih\" class=\"\" style=\"text-align: center;\" data-editable=\"text\" data-uid=\"edi-zh0ih\" data-draggable=\"true\"><div class=\"text-content\"><span style=\"font-size: 14pt; color: #ff9900; font-family: georgia, palatino, serif;\"><em><strong>Desideri\u00a0<\/strong><\/em><em><strong>Gradazioni di Colore per i tuoi Capelli con effetti striati o pi\u00f9 compatti e r<\/strong><\/em><em><strong>iflessi del tutto naturali?<\/strong><\/em><\/span><\/div><div>\u00a0<\/div><\/div><p style=\"text-align: center;\"><span style=\"color: #000000; font-family: georgia, palatino, serif;\"><strong><span style=\"font-size: 12pt;\"><em>Degrad\u00e8 Joelle<\/em><\/span><\/strong><\/span><\/p><p style=\"text-align: center;\"><span style=\"color: #000000; font-family: georgia, palatino, serif;\"><em><strong>Una tecnica di colorazione con effetti striati o pi\u00f9 compatti che risponde ad ogni esigenza.<\/strong><\/em><\/span><\/p><p style=\"text-align: center;\"><span style=\"color: #000000; font-family: georgia, palatino, serif;\"><em><strong>Meches, colpi di sole, shatush \u2013 oggi \u00e8 possibile colorare i capelli in tanti modi diversi, con il Degrad\u00e9 ogni risultato pu\u00f2 essere ottenuto in tutta sicurezza mentre l\u2019incubo della ricrescita svanisce grazie alla rivoluzionaria tecnica di colorazione verticale<\/strong><\/em><\/span><\/p><p style=\"text-align: center;\"><span style=\"color: #000000; font-family: georgia, palatino, serif;\"><em><strong>Il Degrad\u00e9 Joelle \u00e8 la\u00a0tecnica di colorazione meno invasiva\u00a0presente sul mercato. Sana, duratura e facile da indossare, rende i capelli corposi e lucenti regalando nuove sfumature senza alterare la personalit\u00e0 del colore naturale.\u00a0<\/strong><\/em><\/span><\/p><p style=\"text-align: center;\"><span style=\"color: #000000; font-family: georgia, palatino, serif;\"><em><strong>\u00a0 \u00a0 \u00a0\u00a0Se vuoi:<\/strong><\/em><\/span><\/p><div id=\"edi-uizi1\" class=\"\" style=\"text-align: center;\" data-editable=\"text\" data-uid=\"edi-uizi1\" data-draggable=\"true\"><ul><li style=\"text-align: left;\"><strong><span style=\"color: #000000; font-family: georgia, palatino, serif;\"><em>Un colore unico per i tuoi capelli<\/em><\/span><\/strong><\/li><li style=\"text-align: left;\"><span style=\"color: #000000;\"><strong><em>Che copre il 100% dei capelli bianchi<\/em><\/strong><\/span><\/li><li style=\"text-align: left;\"><span style=\"color: #000000;\"><strong><em>La ricrescita \u00e8 meno visibile<br \/><\/em><\/strong><\/span><\/li><\/ul><\/div>\t\t\t\t\t\t\t\t<\/div>\n\t\t\t\t<\/div>\n\t\t\t\t<div class=\"elementor-element elementor-element-bc68128 elementor-align-center elementor-widget elementor-widget-button\" data-id=\"bc68128\" data-element_type=\"widget\" data-widget_type=\"button.default\">\n\t\t\t\t<div class=\"elementor-widget-container\">\n\t\t\t\t\t\t\t\t\t<div class=\"elementor-button-wrapper\">\n\t\t\t\t\t<a class=\"elementor-button elementor-button-link elementor-size-sm\" href=\"https:\/\/www.marandoparrucchieri.it\/dev\/booking\/\">\n\t\t\t\t\t\t<span class=\"elementor-button-content-wrapper\">\n\t\t\t\t\t\t\t\t\t<span class=\"elementor-button-text\">PRENOTA ORA UN APPUNTAMENTO<\/span>\n\t\t\t\t\t<\/span>\n\t\t\t\t\t<\/a>\n\t\t\t\t<\/div>\n\t\t\t\t\t\t\t\t<\/div>\n\t\t\t\t<\/div>\n\t\t\t\t\t<\/div>\n\t\t<\/div>\n\t\t\t\t\t<\/div>\n\t\t<\/section>\n\t\t\t\t\t<\/div>\n\t\t<\/div>\n\t\t\t\t\t<\/div>\n\t\t<\/section>\n\t\t\t\t<\/div>\n\t\t","protected":false},"excerpt":{"rendered":"<p>https:\/\/www.marandoparrucchieri.it\/dev\/wp-content\/uploads\/2018\/06\/post-video-royal.mp4 Non sei soddisfatta del colore dei tuoi capelli?\u00a0 Desideri\u00a0Gradazioni di Colore per i tuoi Capelli con effetti striati o pi\u00f9 compatti e riflessi del tutto naturali?\u00a0 Degrad\u00e8 Joelle Una [&hellip;]<\/p>\n","protected":false},"author":2,"featured_media":1877,"parent":0,"menu_order":0,"comment_status":"closed","ping_status":"closed","template":"","meta":{"footnotes":""},"yoast_head":"<!-- This site is optimized with the Yoast SEO plugin v22.4 - https:\/\/yoast.com\/wordpress\/plugins\/seo\/ -->\r\n<title>- Centro Degrad\u00e8 Joelle Marando Parrucchieri<\/title>\r\n<meta name=\"description\" content=\"Degrad\u00e8 Joelle marando parrucchieri Una tecnica di colorazione con effetti striati o pi\u00f9 compatti che risponde ad ogni esigenza. &quot;PRENOTA ORA UN APPUNTAMENTO ONLINE&quot;\" \/>\r\n<meta name=\"robots\" content=\"index, follow, max-snippet:-1, max-image-preview:large, max-video-preview:-1\" \/>\r\n<link rel=\"canonical\" href=\"https:\/\/www.marandoparrucchieri.it\/dev\/\" \/>\r\n<meta property=\"og:locale\" content=\"it_IT\" \/>\r\n<meta property=\"og:type\" content=\"article\" \/>\r\n<meta property=\"og:title\" content=\"- Centro Degrad\u00e8 Joelle Marando Parrucchieri\" \/>\r\n<meta property=\"og:description\" content=\"Degrad\u00e8 Joelle marando parrucchieri Una tecnica di colorazione con effetti striati o pi\u00f9 compatti che risponde ad ogni esigenza. &quot;PRENOTA ORA UN APPUNTAMENTO ONLINE&quot;\" \/>\r\n<meta property=\"og:url\" content=\"https:\/\/www.marandoparrucchieri.it\/dev\/\" \/>\r\n<meta property=\"og:site_name\" content=\"Centro Degrad\u00e8 Joelle Marando Parrucchieri\" \/>\r\n<meta property=\"article:publisher\" content=\"https:\/\/m.facebook.com\/marandoparrucchieri\/?ref=bookmarks\" \/>\r\n<meta property=\"article:modified_time\" content=\"2021-03-24T18:47:31+00:00\" \/>\r\n<meta property=\"og:image\" content=\"https:\/\/www.marandoparrucchieri.it\/dev\/wp-content\/uploads\/2018\/06\/post-scopri-esperienza-modella-1-683x1024.png\" \/>\r\n\t<meta property=\"og:image:width\" content=\"683\" \/>\r\n\t<meta property=\"og:image:height\" content=\"1024\" \/>\r\n\t<meta property=\"og:image:type\" content=\"image\/png\" \/>\r\n<meta name=\"twitter:card\" content=\"summary_large_image\" \/>\r\n<meta name=\"twitter:site\" content=\"@infomarando\" \/>\r\n<meta name=\"twitter:label1\" content=\"Tempo di lettura stimato\" \/>\n\t<meta name=\"twitter:data1\" content=\"1 minuto\" \/>\r\n<script type=\"application\/ld+json\" class=\"yoast-schema-graph\">{\"@context\":\"https:\/\/schema.org\",\"@graph\":[{\"@type\":\"WebPage\",\"@id\":\"https:\/\/www.marandoparrucchieri.it\/dev\/\",\"url\":\"https:\/\/www.marandoparrucchieri.it\/dev\/\",\"name\":\"- Centro Degrad\u00e8 Joelle Marando Parrucchieri\",\"isPartOf\":{\"@id\":\"https:\/\/www.marandoparrucchieri.it\/dev\/#website\"},\"primaryImageOfPage\":{\"@id\":\"https:\/\/www.marandoparrucchieri.it\/dev\/#primaryimage\"},\"image\":{\"@id\":\"https:\/\/www.marandoparrucchieri.it\/dev\/#primaryimage\"},\"thumbnailUrl\":\"https:\/\/www.marandoparrucchieri.it\/dev\/wp-content\/uploads\/2018\/06\/post-scopri-esperienza-modella-1.png\",\"datePublished\":\"2016-06-15T22:55:43+00:00\",\"dateModified\":\"2021-03-24T18:47:31+00:00\",\"description\":\"Degrad\u00e8 Joelle marando parrucchieri Una tecnica di colorazione con effetti striati o pi\u00f9 compatti che risponde ad ogni esigenza. \\\"PRENOTA ORA UN APPUNTAMENTO ONLINE\\\"\",\"inLanguage\":\"it-IT\",\"potentialAction\":[{\"@type\":\"ReadAction\",\"target\":[\"https:\/\/www.marandoparrucchieri.it\/dev\/\"]}]},{\"@type\":\"ImageObject\",\"inLanguage\":\"it-IT\",\"@id\":\"https:\/\/www.marandoparrucchieri.it\/dev\/#primaryimage\",\"url\":\"https:\/\/www.marandoparrucchieri.it\/dev\/wp-content\/uploads\/2018\/06\/post-scopri-esperienza-modella-1.png\",\"contentUrl\":\"https:\/\/www.marandoparrucchieri.it\/dev\/wp-content\/uploads\/2018\/06\/post-scopri-esperienza-modella-1.png\",\"width\":1280,\"height\":1920,\"caption\":\"marando parrucchieri colore capelli centro degrad\u00e8 joelle parrucchiere\"},{\"@type\":\"WebSite\",\"@id\":\"https:\/\/www.marandoparrucchieri.it\/dev\/#website\",\"url\":\"https:\/\/www.marandoparrucchieri.it\/dev\/\",\"name\":\"marandoparrucchieri.it\/dev\/\",\"description\":\"Specialisti del colore, in particolare della tecnica del Degrad\u00e8\",\"publisher\":{\"@id\":\"https:\/\/www.marandoparrucchieri.it\/dev\/#organization\"},\"potentialAction\":[{\"@type\":\"SearchAction\",\"target\":{\"@type\":\"EntryPoint\",\"urlTemplate\":\"https:\/\/www.marandoparrucchieri.it\/dev\/?s={search_term_string}\"},\"query-input\":\"required name=search_term_string\"}],\"inLanguage\":\"it-IT\"},{\"@type\":\"Organization\",\"@id\":\"https:\/\/www.marandoparrucchieri.it\/dev\/#organization\",\"name\":\"MARANDO PARRUCCHIERI\",\"url\":\"https:\/\/www.marandoparrucchieri.it\/dev\/\",\"logo\":{\"@type\":\"ImageObject\",\"inLanguage\":\"it-IT\",\"@id\":\"https:\/\/www.marandoparrucchieri.it\/dev\/#\/schema\/logo\/image\/\",\"url\":\"https:\/\/www.marandoparrucchieri.it\/dev\/wp-content\/uploads\/2019\/11\/logo-marando.png\",\"contentUrl\":\"https:\/\/www.marandoparrucchieri.it\/dev\/wp-content\/uploads\/2019\/11\/logo-marando.png\",\"width\":591,\"height\":236,\"caption\":\"MARANDO PARRUCCHIERI\"},\"image\":{\"@id\":\"https:\/\/www.marandoparrucchieri.it\/dev\/#\/schema\/logo\/image\/\"},\"sameAs\":[\"https:\/\/m.facebook.com\/marandoparrucchieri\/?ref=bookmarks\",\"https:\/\/twitter.com\/infomarando\",\"https:\/\/www.instagram.com\/marando_parrucchieri\/?hl=it\",\"https:\/\/www.pinterest.it\/fracioplucip\/\"]}]}<\/script>\r\n<!-- \/ Yoast SEO plugin. -->","yoast_head_json":{"title":"- Centro Degrad\u00e8 Joelle Marando Parrucchieri","description":"Degrad\u00e8 Joelle marando parrucchieri Una tecnica di colorazione con effetti striati o pi\u00f9 compatti che risponde ad ogni esigenza. \"PRENOTA ORA UN APPUNTAMENTO ONLINE\"","robots":{"index":"index","follow":"follow","max-snippet":"max-snippet:-1","max-image-preview":"max-image-preview:large","max-video-preview":"max-video-preview:-1"},"canonical":"https:\/\/www.marandoparrucchieri.it\/dev\/","og_locale":"it_IT","og_type":"article","og_title":"- Centro Degrad\u00e8 Joelle Marando Parrucchieri","og_description":"Degrad\u00e8 Joelle marando parrucchieri Una tecnica di colorazione con effetti striati o pi\u00f9 compatti che risponde ad ogni esigenza. \"PRENOTA ORA UN APPUNTAMENTO ONLINE\"","og_url":"https:\/\/www.marandoparrucchieri.it\/dev\/","og_site_name":"Centro Degrad\u00e8 Joelle Marando Parrucchieri","article_publisher":"https:\/\/m.facebook.com\/marandoparrucchieri\/?ref=bookmarks","article_modified_time":"2021-03-24T18:47:31+00:00","og_image":[{"width":683,"height":1024,"url":"https:\/\/www.marandoparrucchieri.it\/dev\/wp-content\/uploads\/2018\/06\/post-scopri-esperienza-modella-1-683x1024.png","type":"image\/png"}],"twitter_card":"summary_large_image","twitter_site":"@infomarando","twitter_misc":{"Tempo di lettura stimato":"1 minuto"},"schema":{"@context":"https:\/\/schema.org","@graph":[{"@type":"WebPage","@id":"https:\/\/www.marandoparrucchieri.it\/dev\/","url":"https:\/\/www.marandoparrucchieri.it\/dev\/","name":"- Centro Degrad\u00e8 Joelle Marando Parrucchieri","isPartOf":{"@id":"https:\/\/www.marandoparrucchieri.it\/dev\/#website"},"primaryImageOfPage":{"@id":"https:\/\/www.marandoparrucchieri.it\/dev\/#primaryimage"},"image":{"@id":"https:\/\/www.marandoparrucchieri.it\/dev\/#primaryimage"},"thumbnailUrl":"https:\/\/www.marandoparrucchieri.it\/dev\/wp-content\/uploads\/2018\/06\/post-scopri-esperienza-modella-1.png","datePublished":"2016-06-15T22:55:43+00:00","dateModified":"2021-03-24T18:47:31+00:00","description":"Degrad\u00e8 Joelle marando parrucchieri Una tecnica di colorazione con effetti striati o pi\u00f9 compatti che risponde ad ogni esigenza. \"PRENOTA ORA UN APPUNTAMENTO ONLINE\"","inLanguage":"it-IT","potentialAction":[{"@type":"ReadAction","target":["https:\/\/www.marandoparrucchieri.it\/dev\/"]}]},{"@type":"ImageObject","inLanguage":"it-IT","@id":"https:\/\/www.marandoparrucchieri.it\/dev\/#primaryimage","url":"https:\/\/www.marandoparrucchieri.it\/dev\/wp-content\/uploads\/2018\/06\/post-scopri-esperienza-modella-1.png","contentUrl":"https:\/\/www.marandoparrucchieri.it\/dev\/wp-content\/uploads\/2018\/06\/post-scopri-esperienza-modella-1.png","width":1280,"height":1920,"caption":"marando parrucchieri colore capelli centro degrad\u00e8 joelle parrucchiere"},{"@type":"WebSite","@id":"https:\/\/www.marandoparrucchieri.it\/dev\/#website","url":"https:\/\/www.marandoparrucchieri.it\/dev\/","name":"marandoparrucchieri.it\/dev\/","description":"Specialisti del colore, in particolare della tecnica del Degrad\u00e8","publisher":{"@id":"https:\/\/www.marandoparrucchieri.it\/dev\/#organization"},"potentialAction":[{"@type":"SearchAction","target":{"@type":"EntryPoint","urlTemplate":"https:\/\/www.marandoparrucchieri.it\/dev\/?s={search_term_string}"},"query-input":"required name=search_term_string"}],"inLanguage":"it-IT"},{"@type":"Organization","@id":"https:\/\/www.marandoparrucchieri.it\/dev\/#organization","name":"MARANDO PARRUCCHIERI","url":"https:\/\/www.marandoparrucchieri.it\/dev\/","logo":{"@type":"ImageObject","inLanguage":"it-IT","@id":"https:\/\/www.marandoparrucchieri.it\/dev\/#\/schema\/logo\/image\/","url":"https:\/\/www.marandoparrucchieri.it\/dev\/wp-content\/uploads\/2019\/11\/logo-marando.png","contentUrl":"https:\/\/www.marandoparrucchieri.it\/dev\/wp-content\/uploads\/2019\/11\/logo-marando.png","width":591,"height":236,"caption":"MARANDO PARRUCCHIERI"},"image":{"@id":"https:\/\/www.marandoparrucchieri.it\/dev\/#\/schema\/logo\/image\/"},"sameAs":["https:\/\/m.facebook.com\/marandoparrucchieri\/?ref=bookmarks","https:\/\/twitter.com\/infomarando","https:\/\/www.instagram.com\/marando_parrucchieri\/?hl=it","https:\/\/www.pinterest.it\/fracioplucip\/"]}]}},"_links":{"self":[{"href":"https:\/\/www.marandoparrucchieri.it\/dev\/wp-json\/wp\/v2\/pages\/10"}],"collection":[{"href":"https:\/\/www.marandoparrucchieri.it\/dev\/wp-json\/wp\/v2\/pages"}],"about":[{"href":"https:\/\/www.marandoparrucchieri.it\/dev\/wp-json\/wp\/v2\/types\/page"}],"author":[{"embeddable":true,"href":"https:\/\/www.marandoparrucchieri.it\/dev\/wp-json\/wp\/v2\/users\/2"}],"replies":[{"embeddable":true,"href":"https:\/\/www.marandoparrucchieri.it\/dev\/wp-json\/wp\/v2\/comments?post=10"}],"version-history":[{"count":88,"href":"https:\/\/www.marandoparrucchieri.it\/dev\/wp-json\/wp\/v2\/pages\/10\/revisions"}],"predecessor-version":[{"id":2745,"href":"https:\/\/www.marandoparrucchieri.it\/dev\/wp-json\/wp\/v2\/pages\/10\/revisions\/2745"}],"wp:featuredmedia":[{"embeddable":true,"href":"https:\/\/www.marandoparrucchieri.it\/dev\/wp-json\/wp\/v2\/media\/1877"}],"wp:attachment":[{"href":"https:\/\/www.marandoparrucchieri.it\/dev\/wp-json\/wp\/v2\/media?parent=10"}],"curies":[{"name":"wp","href":"https:\/\/api.w.org\/{rel}","templated":true}]}}